{"id":22,"date":"2012-12-01T05:30:37","date_gmt":"2012-12-01T04:30:37","guid":{"rendered":"https:\/\/fr.yoga-laurence-lhermitte.com\/?page_id=22"},"modified":"2022-05-11T09:31:44","modified_gmt":"2022-05-11T07:31:44","slug":"qui-suis-je","status":"publish","type":"page","link":"https:\/\/yoga-laurence-lhermitte.com\/fr\/qui-suis-je\/","title":{"rendered":"Qui suis-je ?"},"content":{"rendered":"<p><span style=\"font-size: 14px\"><img fetchpriority=\"high\" decoding=\"async\" class=\"alignleft size-medium wp-image-4657\" src=\"https:\/\/yoga-laurence-lhermitte.com\/wp-content\/blogs.dir\/2\/files\/2021\/09\/LaurenceCata-300x225.jpg\" alt=\"\" width=\"300\" height=\"225\" \/><\/span>Je pratique le hatha yoga depuis 2006. C&rsquo;est le besoin de soulager en douceur des maux de nuque qui m&rsquo;a amen\u00e9e au yoga. Je m&rsquo;y suis sentie tout de suite comme un poisson dans l&rsquo;eau ! Le yoga m&rsquo;a permis d\u2019acqu\u00e9rir une meilleure perception de mes sensations et des signaux envoy\u00e9s par mon corps. J&rsquo;ai aussi appris \u00e0 accepter, ici et maintenant, l&rsquo;\u00e9tat du corps, avec sa force, sa souplesse, mais aussi ses limites et ses faiblesses. Cette exp\u00e9rience v\u00e9cue sur le tapis ne sert \u00e0 rien, si elle n\u2019est pas transpos\u00e9e dans le quotidien. Et c&rsquo;est bien l\u00e0, \u00e0 mes yeux, l&rsquo;objectif du yoga : accepter ce qui est et \u00ab\u00a0\u00eatre un avec\u00a0\u00bb, avec moi, avec l\u2019autre, avec toute situation.<\/p>\n<p>Je suis anim\u00e9e par l\u2019esprit du d\u00e9butant : toute posture d\u00e9j\u00e0 pratiqu\u00e9e des centaines de fois est une nouvelle posture et am\u00e8ne une nouvelle exp\u00e9rience qui, si j\u2019y suis sensible, me rapproche de qui je suis au plus profond dans l\u2019instant. Les changements n\u00e9cessaires s\u2019imposent alors dans la vie personnelle et professionnelle. Ainsi, en 2011, j\u2019ai ressenti l\u2019envie d\u2019enseigner \u00e0 mon tour. Tout en continuant de me former, je transmets tout ce que j&rsquo;ai re\u00e7u et tout ce que je re\u00e7ois encore. Enseigner est pour moi une autre fa\u00e7on d\u2019apprendre. En 2018, j&rsquo;ai laiss\u00e9 la vie me transporter de ma zone de confort \u00e0 Bruxelles vers la Guadeloupe. J&rsquo;ai quitt\u00e9 la Guadeloupe en 2021 et je suis venue m&rsquo;installer dans le sud de la Touraine, o\u00f9 j&rsquo;ai maintenant mon propre petit studio. La pratique et l\u2019enseignement du yoga font partie int\u00e9grante de ma vie et s\u2019inscrivent dans ma d\u00e9marche spirituelle dans la lign\u00e9e d\u2019Arnaud Desjardins.<\/p>\n<p><span style=\"font-size: 14px\">\u00a0<\/span><\/p>\n<p><strong>Formations<\/strong><\/p>\n<ul>\n<li><span class=\"Apple-style-span\" style=\"font-size: 14px\">Depuis septembre 2013, je suis dipl\u00f4m\u00e9e de l&rsquo;<a href=\"http:\/\/www.ecoles-viniyoga-formation.com\/\" target=\"_blank\" rel=\"noopener noreferrer\">\u00c9cole Viniyoga &#8211; \u00c9tude et Transmission du Yoga<\/a>, fond\u00e9e par Claude Mar\u00e9chal.<\/span><\/li>\n<li><span class=\"Apple-style-span\" style=\"font-size: 14px\">J&rsquo;ai suivi la Formation essentielle d&rsquo;enseignant de yoga propos\u00e9e par Fran\u00e7ois Raoult, fondateur de l&rsquo;<em><a href=\"http:\/\/www.openskyyoga.com\/\" target=\"_blank\" rel=\"noopener noreferrer\">Open Sky Yoga Center<\/a><\/em>, situ\u00e9 \u00e0 New York. J&rsquo;ai obtenu mon dipl\u00f4me en juillet 2014 (<em>Yoga Alliance Registered Yoga Teacher<\/em> (RYT) 200).<\/span><\/li>\n<li>Je me suis form\u00e9e\u00a0en\u00a0<em>Restorative Yoga\u00a0<\/em>(Yoga r\u00e9g\u00e9n\u00e9rant) aupr\u00e8s de\u00a0<a href=\"http:\/\/www.judithhansonlasater.com\/\" target=\"_blank\" rel=\"noopener noreferrer\">Judith Hanson Lasater<\/a>\u00a0et je suis dipl\u00f4m\u00e9e en tant que\u00a0<em>Relax and Renew\u00ae Trainer<\/em> depuis juin 2015.<\/li>\n<li><span class=\"Apple-style-span\" style=\"font-size: 14px\">J&rsquo;ai suivi des modules de\u00a0formation en yoga pour enfants aupr\u00e8s de <a href=\"http:\/\/www.ajnayoga.be\/\" target=\"_blank\" rel=\"noopener noreferrer\">Catherine Nozeret<\/a>, \u00e0 Bruxelles.<\/span><\/li>\n<li>Je me suis form\u00e9e au yoga pr\u00e9natal et postnatal avec Carla Anselm, qui enseigne \u00e0 <span class=\"Apple-style-span\"><em><a href=\"http:\/\/www.openskyyoga.com\/\" target=\"_blank\" rel=\"noopener noreferrer\">Open Sky Yoga<\/a><a href=\"http:\/\/www.openskyyoga.com\/\" target=\"_blank\" rel=\"noopener noreferrer\"> Center<\/a><\/em>, et je suis dipl\u00f4m\u00e9e depuis f\u00e9vrier 2016.<\/span><\/li>\n<li>J&rsquo;ai \u00e9t\u00e9 form\u00e9e \u00e0 la Relaxation cor\u00e9enne par <a href=\"http:\/\/www.vivianegutlerner.com\/\" target=\"_blank\" rel=\"noopener noreferrer\">Viviane Gutlerner<\/a>. J&rsquo;ai obtenu mon certificat en janvier 2016.<\/li>\n<li>Je me suis form\u00e9e\u00a0en\u00a0<em>Restorative Yoga\u00a0<\/em>(Yoga r\u00e9g\u00e9n\u00e9rant) aupr\u00e8s de <a href=\"http:\/\/rogercoleyoga.com\/roger_cole_yoga_home.htm\" target=\"_blank\" rel=\"noopener noreferrer\">Roger Cole<\/a> et j&rsquo;ai obtenu mon certificat en octobre 2016.<\/li>\n<li>J&rsquo;ai suivi le\u00a0<em>Foundation Training in Somatic Movement Education<\/em>\u00a0propos\u00e9 par<a href=\"http:\/\/www.living-yoga.ie\" target=\"_blank\" rel=\"noopener noreferrer\">\u00a0Lisa Petersen<\/a>.<\/li>\n<li>J&rsquo;ai suivi la formation\u00a0<em>Experiential Anatomy: Movement LIteracy for Yoga Teachers <\/em>avec <a href=\"http:\/\/www.judithhansonlasater.com\/\" target=\"_blank\" rel=\"noopener noreferrer\">Judith Hanson Lasater<\/a>\u00a0et <a href=\"https:\/\/maryrichardsyoga.com\" target=\"_blank\" rel=\"noopener noreferrer\">Mary Richards<\/a>, et je suis dipl\u00f4m\u00e9e depuis mai 2019.<\/li>\n<li>Dans la perspective des tables d&rsquo;h\u00f4te, j&rsquo;ai obtenu le permis d&rsquo;exploitation et l&rsquo;attestation de formation sp\u00e9cifique en hygi\u00e8ne alimentaire aupr\u00e8s de <a href=\"https:\/\/www.efr-permis-exploitation.fr\" target=\"_blank\" rel=\"noopener noreferrer\">Expertise et Formation pour la Restauration Guadeloupe<\/a>\u00a0en septembre 2019.<\/li>\n<li>J&rsquo;ai obtenu le Certificat de comp\u00e9tences de citoyen de s\u00e9curit\u00e9 civile (premiers secours) en d\u00e9cembre 2020.<\/li>\n<li>J&rsquo;ai suivi les formations\u00a0<em>Pelvic Floor Yoga Teacher Training\u00a0<\/em>et <em>Pelvic Floor Yoga Teacher Certification\u00a0<\/em>avec <a href=\"http:\/\/lesliehowardyoga.com\" target=\"_blank\" rel=\"noopener\">Leslie Howard<\/a>, et je suis dipl\u00f4m\u00e9e depuis f\u00e9vrier 2021.<\/li>\n<li>J&rsquo;ai suivi la formation\u00a0<i>The Art of Teaching\u00a0<\/i>avec<a href=\"https:\/\/donnafarhi.co.nz\" target=\"_blank\" rel=\"noopener\"> Donna Farhi<\/a>, et je suis dipl\u00f4m\u00e9e depuis novembre 2021.<\/li>\n<\/ul>\n<p>Je suis membre\u00a0de <a href=\"https:\/\/www.viniyoga-fondation.fr\" target=\"_blank\" rel=\"noopener noreferrer\">Viniyoga Fondation<\/a> (France), de <em><a href=\"https:\/\/www.yogaalliance.org\/\" target=\"_blank\" rel=\"noopener noreferrer\">Yoga Alliance<\/a><\/em> (\u00c9tats-Unis) et de <a href=\"http:\/\/yogaalliance.in\" target=\"_blank\" rel=\"noopener noreferrer\"><em>Yoga Alliance International <\/em><\/a>(Inde).<\/p>\n","protected":false},"excerpt":{"rendered":"<p>Je pratique le hatha yoga depuis 2006. C&rsquo;est le besoin de soulager en douceur des maux de nuque qui m&rsquo;a amen\u00e9e au yoga. Je m&rsquo;y suis sentie tout de suite comme un poisson dans l&rsquo;eau ! Le yoga m&rsquo;a permis d\u2019acqu\u00e9rir une meilleure perception de mes sensations et des signaux envoy\u00e9s par mon corps. J&rsquo;ai &hellip; <\/p>\n<p class=\"link-more\"><a href=\"https:\/\/yoga-laurence-lhermitte.com\/fr\/qui-suis-je\/\" class=\"more-link\">Continuer la lecture <span class=\"screen-reader-text\"> \u00ab\u00a0Qui suis-je ?\u00a0\u00bb<\/span><\/a><\/p>\n","protected":false},"author":1,"featured_media":0,"parent":0,"menu_order":0,"comment_status":"closed","ping_status":"closed","template":"","meta":{"footnotes":""},"class_list":["post-22","page","type-page","status-publish","hentry","entry"],"yoast_head":"<!-- This site is optimized with the Yoast SEO plugin v26.8 - https:\/\/yoast.com\/product\/yoast-seo-wordpress\/ -->\n<title>Qui suis-je ? - fr-Yoga Laurence Lhermitte<\/title>\n<meta name=\"robots\" content=\"index, follow, max-snippet:-1, max-image-preview:large, max-video-preview:-1\" \/>\n<link rel=\"canonical\" href=\"https:\/\/yoga-laurence-lhermitte.com\/fr\/qui-suis-je\/\" \/>\n<meta property=\"og:locale\" content=\"fr_FR\" \/>\n<meta property=\"og:type\" content=\"article\" \/>\n<meta property=\"og:title\" content=\"Qui suis-je ? - fr-Yoga Laurence Lhermitte\" \/>\n<meta property=\"og:description\" content=\"Je pratique le hatha yoga depuis 2006. C&rsquo;est le besoin de soulager en douceur des maux de nuque qui m&rsquo;a amen\u00e9e au yoga. Je m&rsquo;y suis sentie tout de suite comme un poisson dans l&rsquo;eau ! Le yoga m&rsquo;a permis d\u2019acqu\u00e9rir une meilleure perception de mes sensations et des signaux envoy\u00e9s par mon corps. J&rsquo;ai &hellip; Continuer la lecture \u00ab\u00a0Qui suis-je ?\u00a0\u00bb\" \/>\n<meta property=\"og:url\" content=\"https:\/\/yoga-laurence-lhermitte.com\/fr\/qui-suis-je\/\" \/>\n<meta property=\"og:site_name\" content=\"fr-Yoga Laurence Lhermitte\" \/>\n<meta property=\"article:modified_time\" content=\"2022-05-11T07:31:44+00:00\" \/>\n<meta property=\"og:image\" content=\"https:\/\/yoga-laurence-lhermitte.com\/fr\/files\/2021\/09\/LaurenceCata-300x225.jpg\" \/>\n<meta name=\"twitter:card\" content=\"summary_large_image\" \/>\n<script type=\"application\/ld+json\" class=\"yoast-schema-graph\">{\"@context\":\"https:\/\/schema.org\",\"@graph\":[{\"@type\":\"WebPage\",\"@id\":\"https:\/\/yoga-laurence-lhermitte.com\/fr\/qui-suis-je\/\",\"url\":\"https:\/\/yoga-laurence-lhermitte.com\/fr\/qui-suis-je\/\",\"name\":\"Qui suis-je ? - fr-Yoga Laurence Lhermitte\",\"isPartOf\":{\"@id\":\"https:\/\/yoga-laurence-lhermitte.com\/fr\/#website\"},\"primaryImageOfPage\":{\"@id\":\"https:\/\/yoga-laurence-lhermitte.com\/fr\/qui-suis-je\/#primaryimage\"},\"image\":{\"@id\":\"https:\/\/yoga-laurence-lhermitte.com\/fr\/qui-suis-je\/#primaryimage\"},\"thumbnailUrl\":\"https:\/\/yoga-laurence-lhermitte.com\/wp-content\/blogs.dir\/2\/files\/2021\/09\/LaurenceCata-300x225.jpg\",\"datePublished\":\"2012-12-01T04:30:37+00:00\",\"dateModified\":\"2022-05-11T07:31:44+00:00\",\"breadcrumb\":{\"@id\":\"https:\/\/yoga-laurence-lhermitte.com\/fr\/qui-suis-je\/#breadcrumb\"},\"inLanguage\":\"fr-FR\",\"potentialAction\":[{\"@type\":\"ReadAction\",\"target\":[\"https:\/\/yoga-laurence-lhermitte.com\/fr\/qui-suis-je\/\"]}]},{\"@type\":\"ImageObject\",\"inLanguage\":\"fr-FR\",\"@id\":\"https:\/\/yoga-laurence-lhermitte.com\/fr\/qui-suis-je\/#primaryimage\",\"url\":\"https:\/\/yoga-laurence-lhermitte.com\/wp-content\/blogs.dir\/2\/files\/2021\/09\/LaurenceCata-300x225.jpg\",\"contentUrl\":\"https:\/\/yoga-laurence-lhermitte.com\/wp-content\/blogs.dir\/2\/files\/2021\/09\/LaurenceCata-300x225.jpg\"},{\"@type\":\"BreadcrumbList\",\"@id\":\"https:\/\/yoga-laurence-lhermitte.com\/fr\/qui-suis-je\/#breadcrumb\",\"itemListElement\":[{\"@type\":\"ListItem\",\"position\":1,\"name\":\"Accueil\",\"item\":\"https:\/\/yoga-laurence-lhermitte.com\/fr\/\"},{\"@type\":\"ListItem\",\"position\":2,\"name\":\"Qui suis-je ?\"}]},{\"@type\":\"WebSite\",\"@id\":\"https:\/\/yoga-laurence-lhermitte.com\/fr\/#website\",\"url\":\"https:\/\/yoga-laurence-lhermitte.com\/fr\/\",\"name\":\"fr-Yoga Laurence Lhermitte\",\"description\":\"Yoga-Cours collectifs et particuliers pour adultes et enfants, \u00e0 la Guadeloupe\",\"potentialAction\":[{\"@type\":\"SearchAction\",\"target\":{\"@type\":\"EntryPoint\",\"urlTemplate\":\"https:\/\/yoga-laurence-lhermitte.com\/fr\/?s={search_term_string}\"},\"query-input\":{\"@type\":\"PropertyValueSpecification\",\"valueRequired\":true,\"valueName\":\"search_term_string\"}}],\"inLanguage\":\"fr-FR\"}]}<\/script>\n<!-- \/ Yoast SEO plugin. -->","yoast_head_json":{"title":"Qui suis-je ? - fr-Yoga Laurence Lhermitte","robots":{"index":"index","follow":"follow","max-snippet":"max-snippet:-1","max-image-preview":"max-image-preview:large","max-video-preview":"max-video-preview:-1"},"canonical":"https:\/\/yoga-laurence-lhermitte.com\/fr\/qui-suis-je\/","og_locale":"fr_FR","og_type":"article","og_title":"Qui suis-je ? - fr-Yoga Laurence Lhermitte","og_description":"Je pratique le hatha yoga depuis 2006. C&rsquo;est le besoin de soulager en douceur des maux de nuque qui m&rsquo;a amen\u00e9e au yoga. Je m&rsquo;y suis sentie tout de suite comme un poisson dans l&rsquo;eau ! Le yoga m&rsquo;a permis d\u2019acqu\u00e9rir une meilleure perception de mes sensations et des signaux envoy\u00e9s par mon corps. J&rsquo;ai &hellip; Continuer la lecture \u00ab\u00a0Qui suis-je ?\u00a0\u00bb","og_url":"https:\/\/yoga-laurence-lhermitte.com\/fr\/qui-suis-je\/","og_site_name":"fr-Yoga Laurence Lhermitte","article_modified_time":"2022-05-11T07:31:44+00:00","og_image":[{"url":"https:\/\/yoga-laurence-lhermitte.com\/fr\/files\/2021\/09\/LaurenceCata-300x225.jpg","type":"","width":"","height":""}],"twitter_card":"summary_large_image","schema":{"@context":"https:\/\/schema.org","@graph":[{"@type":"WebPage","@id":"https:\/\/yoga-laurence-lhermitte.com\/fr\/qui-suis-je\/","url":"https:\/\/yoga-laurence-lhermitte.com\/fr\/qui-suis-je\/","name":"Qui suis-je ? - fr-Yoga Laurence Lhermitte","isPartOf":{"@id":"https:\/\/yoga-laurence-lhermitte.com\/fr\/#website"},"primaryImageOfPage":{"@id":"https:\/\/yoga-laurence-lhermitte.com\/fr\/qui-suis-je\/#primaryimage"},"image":{"@id":"https:\/\/yoga-laurence-lhermitte.com\/fr\/qui-suis-je\/#primaryimage"},"thumbnailUrl":"https:\/\/yoga-laurence-lhermitte.com\/wp-content\/blogs.dir\/2\/files\/2021\/09\/LaurenceCata-300x225.jpg","datePublished":"2012-12-01T04:30:37+00:00","dateModified":"2022-05-11T07:31:44+00:00","breadcrumb":{"@id":"https:\/\/yoga-laurence-lhermitte.com\/fr\/qui-suis-je\/#breadcrumb"},"inLanguage":"fr-FR","potentialAction":[{"@type":"ReadAction","target":["https:\/\/yoga-laurence-lhermitte.com\/fr\/qui-suis-je\/"]}]},{"@type":"ImageObject","inLanguage":"fr-FR","@id":"https:\/\/yoga-laurence-lhermitte.com\/fr\/qui-suis-je\/#primaryimage","url":"https:\/\/yoga-laurence-lhermitte.com\/wp-content\/blogs.dir\/2\/files\/2021\/09\/LaurenceCata-300x225.jpg","contentUrl":"https:\/\/yoga-laurence-lhermitte.com\/wp-content\/blogs.dir\/2\/files\/2021\/09\/LaurenceCata-300x225.jpg"},{"@type":"BreadcrumbList","@id":"https:\/\/yoga-laurence-lhermitte.com\/fr\/qui-suis-je\/#breadcrumb","itemListElement":[{"@type":"ListItem","position":1,"name":"Accueil","item":"https:\/\/yoga-laurence-lhermitte.com\/fr\/"},{"@type":"ListItem","position":2,"name":"Qui suis-je ?"}]},{"@type":"WebSite","@id":"https:\/\/yoga-laurence-lhermitte.com\/fr\/#website","url":"https:\/\/yoga-laurence-lhermitte.com\/fr\/","name":"fr-Yoga Laurence Lhermitte","description":"Yoga-Cours collectifs et particuliers pour adultes et enfants, \u00e0 la Guadeloupe","potentialAction":[{"@type":"SearchAction","target":{"@type":"EntryPoint","urlTemplate":"https:\/\/yoga-laurence-lhermitte.com\/fr\/?s={search_term_string}"},"query-input":{"@type":"PropertyValueSpecification","valueRequired":true,"valueName":"search_term_string"}}],"inLanguage":"fr-FR"}]}},"_links":{"self":[{"href":"https:\/\/yoga-laurence-lhermitte.com\/fr\/wp-json\/wp\/v2\/pages\/22","targetHints":{"allow":["GET"]}}],"collection":[{"href":"https:\/\/yoga-laurence-lhermitte.com\/fr\/wp-json\/wp\/v2\/pages"}],"about":[{"href":"https:\/\/yoga-laurence-lhermitte.com\/fr\/wp-json\/wp\/v2\/types\/page"}],"author":[{"embeddable":true,"href":"https:\/\/yoga-laurence-lhermitte.com\/fr\/wp-json\/wp\/v2\/users\/1"}],"replies":[{"embeddable":true,"href":"https:\/\/yoga-laurence-lhermitte.com\/fr\/wp-json\/wp\/v2\/comments?post=22"}],"version-history":[{"count":0,"href":"https:\/\/yoga-laurence-lhermitte.com\/fr\/wp-json\/wp\/v2\/pages\/22\/revisions"}],"wp:attachment":[{"href":"https:\/\/yoga-laurence-lhermitte.com\/fr\/wp-json\/wp\/v2\/media?parent=22"}],"curies":[{"name":"wp","href":"https:\/\/api.w.org\/{rel}","templated":true}]}}